{"id":19595,"date":"2022-02-28T10:10:04","date_gmt":"2022-02-28T10:10:04","guid":{"rendered":"https:\/\/bhr-navigator.unglobalcompact.org\/key_resources\/oit-guia-para-establecer-una-ordenacion-del-tiempo-de-trabajo-equilibrada\/"},"modified":"2022-03-24T23:07:23","modified_gmt":"2022-03-24T23:07:23","slug":"oit-guia-para-establecer-una-ordenacion-del-tiempo-de-trabajo-equilibrada","status":"publish","type":"key_resources","link":"https:\/\/bhr-navigator.unglobalcompact.org\/es\/key_resources\/oit-guia-para-establecer-una-ordenacion-del-tiempo-de-trabajo-equilibrada\/","title":{"rendered":"Gu\u00eda para establecer una ordenaci\u00f3n del tiempo de trabajo equilibrada"},"content":{"rendered":"","protected":false},"excerpt":{"rendered":"<p>Una gu\u00eda pr\u00e1ctica o manual de instrucciones sobre los reg\u00edmenes de tiempo de trabajo, tambi\u00e9n conocidos como \u00abhorarios de trabajo\u00bb.<\/p>\n","protected":false},"author":1,"menu_order":0,"template":"","regions":[],"due_diligence_stages":[],"business_sectors":[],"related_issues":[],"resource_types":[591],"class_list":["post-19595","key_resources","type-key_resources","status-publish","hentry","resource_types-tiempo-de-trabajo"],"acf":{"file_description":"<h4>OIT<\/h4>\r\n<span style=\"font-weight: 400;\">Una <\/span><a href=\"https:\/\/www.ilo.org\/travail\/info\/publications\/WCMS_716135\/lang--en\/index.htm\"><span style=\"font-weight: 400;\">gu\u00eda<\/span><\/a><span style=\"font-weight: 400;\"> pr\u00e1ctica o manual de instrucciones sobre los reg\u00edmenes de tiempo de trabajo, tambi\u00e9n conocidos como \u00abhorarios de trabajo\u00bb.<\/span>","file_preview_image":18295,"internal_or_external_resource":"external","file_from_media_library":null,"link_to_external_resource":{"title":"Visitar p\u00e1gina","url":"https:\/\/www.ilo.org\/travail\/info\/publications\/WCMS_706159\/lang--en\/index.htm","target":""},"page_header_image":""},"yoast_head":"<!-- This site is optimized with the Yoast SEO plugin v27.1.1 - https:\/\/yoast.com\/product\/yoast-seo-wordpress\/ -->\n<title>Gu\u00eda para establecer una ordenaci\u00f3n del tiempo de trabajo equilibrada &#8226; Business &amp; Human Rights Navigator<\/title>\n<meta name=\"robots\" content=\"index, follow, max-snippet:-1, max-image-preview:large, max-video-preview:-1\" \/>\n<link rel=\"canonical\" href=\"https:\/\/bhr-navigator.unglobalcompact.org\/es\/key_resources\/oit-guia-para-establecer-una-ordenacion-del-tiempo-de-trabajo-equilibrada\/\" \/>\n<meta property=\"og:locale\" content=\"es_ES\" \/>\n<meta property=\"og:type\" content=\"article\" \/>\n<meta property=\"og:title\" content=\"Gu\u00eda para establecer una ordenaci\u00f3n del tiempo de trabajo equilibrada &#8226; Business &amp; Human Rights Navigator\" \/>\n<meta property=\"og:description\" content=\"Una gu\u00eda pr\u00e1ctica o manual de instrucciones sobre los reg\u00edmenes de tiempo de trabajo, tambi\u00e9n conocidos como \u00abhorarios de trabajo\u00bb.\" \/>\n<meta property=\"og:url\" content=\"https:\/\/bhr-navigator.unglobalcompact.org\/es\/key_resources\/oit-guia-para-establecer-una-ordenacion-del-tiempo-de-trabajo-equilibrada\/\" \/>\n<meta property=\"og:site_name\" content=\"Business &amp; Human Rights Navigator\" \/>\n<meta property=\"article:modified_time\" content=\"2022-03-24T23:07:23+00:00\" \/>\n<meta name=\"twitter:card\" content=\"summary_large_image\" \/>\n<script type=\"application\/ld+json\" class=\"yoast-schema-graph\">{\"@context\":\"https:\/\/schema.org\",\"@graph\":[{\"@type\":\"WebPage\",\"@id\":\"https:\/\/bhr-navigator.unglobalcompact.org\/es\/key_resources\/oit-guia-para-establecer-una-ordenacion-del-tiempo-de-trabajo-equilibrada\/\",\"url\":\"https:\/\/bhr-navigator.unglobalcompact.org\/es\/key_resources\/oit-guia-para-establecer-una-ordenacion-del-tiempo-de-trabajo-equilibrada\/\",\"name\":\"Gu\u00eda para establecer una ordenaci\u00f3n del tiempo de trabajo equilibrada &#8226; Business &amp; Human Rights Navigator\",\"isPartOf\":{\"@id\":\"https:\/\/bhr-navigator.unglobalcompact.org\/es\/?lang=es\/#website\"},\"datePublished\":\"2022-02-28T10:10:04+00:00\",\"dateModified\":\"2022-03-24T23:07:23+00:00\",\"breadcrumb\":{\"@id\":\"https:\/\/bhr-navigator.unglobalcompact.org\/es\/key_resources\/oit-guia-para-establecer-una-ordenacion-del-tiempo-de-trabajo-equilibrada\/#breadcrumb\"},\"inLanguage\":\"es\",\"potentialAction\":[{\"@type\":\"ReadAction\",\"target\":[\"https:\/\/bhr-navigator.unglobalcompact.org\/es\/key_resources\/oit-guia-para-establecer-una-ordenacion-del-tiempo-de-trabajo-equilibrada\/\"]}]},{\"@type\":\"BreadcrumbList\",\"@id\":\"https:\/\/bhr-navigator.unglobalcompact.org\/es\/key_resources\/oit-guia-para-establecer-una-ordenacion-del-tiempo-de-trabajo-equilibrada\/#breadcrumb\",\"itemListElement\":[{\"@type\":\"ListItem\",\"position\":1,\"name\":\"Recursos clave\",\"item\":\"https:\/\/bhr-navigator.unglobalcompact.org\/es\/key_resources\/\"},{\"@type\":\"ListItem\",\"position\":2,\"name\":\"Gu\u00eda para establecer una ordenaci\u00f3n del tiempo de trabajo equilibrada\"}]},{\"@type\":\"WebSite\",\"@id\":\"https:\/\/bhr-navigator.unglobalcompact.org\/es\/?lang=es\/#website\",\"url\":\"https:\/\/bhr-navigator.unglobalcompact.org\/es\/?lang=es\/\",\"name\":\"Business &amp; Human Rights Navigator\",\"description\":\"Created in partnership with the Helpdesk on Business &amp; Human Rights\",\"publisher\":{\"@id\":\"https:\/\/bhr-navigator.unglobalcompact.org\/es\/?lang=es\/#organization\"},\"potentialAction\":[{\"@type\":\"SearchAction\",\"target\":{\"@type\":\"EntryPoint\",\"urlTemplate\":\"https:\/\/bhr-navigator.unglobalcompact.org\/es\/?lang=es\/?s={search_term_string}\"},\"query-input\":{\"@type\":\"PropertyValueSpecification\",\"valueRequired\":true,\"valueName\":\"search_term_string\"}}],\"inLanguage\":\"es\"},{\"@type\":\"Organization\",\"@id\":\"https:\/\/bhr-navigator.unglobalcompact.org\/es\/?lang=es\/#organization\",\"name\":\"Business & Human Rights Navigator\",\"url\":\"https:\/\/bhr-navigator.unglobalcompact.org\/es\/?lang=es\/\",\"logo\":{\"@type\":\"ImageObject\",\"inLanguage\":\"es\",\"@id\":\"https:\/\/bhr-navigator.unglobalcompact.org\/es\/?lang=es\/#\/schema\/logo\/image\/\",\"url\":\"https:\/\/bhr-navigator.unglobalcompact.org\/wp-content\/uploads\/2022\/03\/un_logo.svg\",\"contentUrl\":\"https:\/\/bhr-navigator.unglobalcompact.org\/wp-content\/uploads\/2022\/03\/un_logo.svg\",\"width\":\"1680\",\"height\":\"1280\",\"caption\":\"Business & Human Rights Navigator\"},\"image\":{\"@id\":\"https:\/\/bhr-navigator.unglobalcompact.org\/es\/?lang=es\/#\/schema\/logo\/image\/\"}}]}<\/script>\n<!-- \/ Yoast SEO plugin. -->","yoast_head_json":{"title":"Gu\u00eda para establecer una ordenaci\u00f3n del tiempo de trabajo equilibrada &#8226; Business &amp; Human Rights Navigator","robots":{"index":"index","follow":"follow","max-snippet":"max-snippet:-1","max-image-preview":"max-image-preview:large","max-video-preview":"max-video-preview:-1"},"canonical":"https:\/\/bhr-navigator.unglobalcompact.org\/es\/key_resources\/oit-guia-para-establecer-una-ordenacion-del-tiempo-de-trabajo-equilibrada\/","og_locale":"es_ES","og_type":"article","og_title":"Gu\u00eda para establecer una ordenaci\u00f3n del tiempo de trabajo equilibrada &#8226; Business &amp; Human Rights Navigator","og_description":"Una gu\u00eda pr\u00e1ctica o manual de instrucciones sobre los reg\u00edmenes de tiempo de trabajo, tambi\u00e9n conocidos como \u00abhorarios de trabajo\u00bb.","og_url":"https:\/\/bhr-navigator.unglobalcompact.org\/es\/key_resources\/oit-guia-para-establecer-una-ordenacion-del-tiempo-de-trabajo-equilibrada\/","og_site_name":"Business &amp; Human Rights Navigator","article_modified_time":"2022-03-24T23:07:23+00:00","twitter_card":"summary_large_image","schema":{"@context":"https:\/\/schema.org","@graph":[{"@type":"WebPage","@id":"https:\/\/bhr-navigator.unglobalcompact.org\/es\/key_resources\/oit-guia-para-establecer-una-ordenacion-del-tiempo-de-trabajo-equilibrada\/","url":"https:\/\/bhr-navigator.unglobalcompact.org\/es\/key_resources\/oit-guia-para-establecer-una-ordenacion-del-tiempo-de-trabajo-equilibrada\/","name":"Gu\u00eda para establecer una ordenaci\u00f3n del tiempo de trabajo equilibrada &#8226; Business &amp; Human Rights Navigator","isPartOf":{"@id":"https:\/\/bhr-navigator.unglobalcompact.org\/es\/?lang=es\/#website"},"datePublished":"2022-02-28T10:10:04+00:00","dateModified":"2022-03-24T23:07:23+00:00","breadcrumb":{"@id":"https:\/\/bhr-navigator.unglobalcompact.org\/es\/key_resources\/oit-guia-para-establecer-una-ordenacion-del-tiempo-de-trabajo-equilibrada\/#breadcrumb"},"inLanguage":"es","potentialAction":[{"@type":"ReadAction","target":["https:\/\/bhr-navigator.unglobalcompact.org\/es\/key_resources\/oit-guia-para-establecer-una-ordenacion-del-tiempo-de-trabajo-equilibrada\/"]}]},{"@type":"BreadcrumbList","@id":"https:\/\/bhr-navigator.unglobalcompact.org\/es\/key_resources\/oit-guia-para-establecer-una-ordenacion-del-tiempo-de-trabajo-equilibrada\/#breadcrumb","itemListElement":[{"@type":"ListItem","position":1,"name":"Recursos clave","item":"https:\/\/bhr-navigator.unglobalcompact.org\/es\/key_resources\/"},{"@type":"ListItem","position":2,"name":"Gu\u00eda para establecer una ordenaci\u00f3n del tiempo de trabajo equilibrada"}]},{"@type":"WebSite","@id":"https:\/\/bhr-navigator.unglobalcompact.org\/es\/?lang=es\/#website","url":"https:\/\/bhr-navigator.unglobalcompact.org\/es\/?lang=es\/","name":"Business &amp; Human Rights Navigator","description":"Created in partnership with the Helpdesk on Business &amp; Human Rights","publisher":{"@id":"https:\/\/bhr-navigator.unglobalcompact.org\/es\/?lang=es\/#organization"},"potentialAction":[{"@type":"SearchAction","target":{"@type":"EntryPoint","urlTemplate":"https:\/\/bhr-navigator.unglobalcompact.org\/es\/?lang=es\/?s={search_term_string}"},"query-input":{"@type":"PropertyValueSpecification","valueRequired":true,"valueName":"search_term_string"}}],"inLanguage":"es"},{"@type":"Organization","@id":"https:\/\/bhr-navigator.unglobalcompact.org\/es\/?lang=es\/#organization","name":"Business & Human Rights Navigator","url":"https:\/\/bhr-navigator.unglobalcompact.org\/es\/?lang=es\/","logo":{"@type":"ImageObject","inLanguage":"es","@id":"https:\/\/bhr-navigator.unglobalcompact.org\/es\/?lang=es\/#\/schema\/logo\/image\/","url":"https:\/\/bhr-navigator.unglobalcompact.org\/wp-content\/uploads\/2022\/03\/un_logo.svg","contentUrl":"https:\/\/bhr-navigator.unglobalcompact.org\/wp-content\/uploads\/2022\/03\/un_logo.svg","width":"1680","height":"1280","caption":"Business & Human Rights Navigator"},"image":{"@id":"https:\/\/bhr-navigator.unglobalcompact.org\/es\/?lang=es\/#\/schema\/logo\/image\/"}}]}},"_links":{"self":[{"href":"https:\/\/bhr-navigator.unglobalcompact.org\/es\/wp-json\/wp\/v2\/key_resources\/19595","targetHints":{"allow":["GET"]}}],"collection":[{"href":"https:\/\/bhr-navigator.unglobalcompact.org\/es\/wp-json\/wp\/v2\/key_resources"}],"about":[{"href":"https:\/\/bhr-navigator.unglobalcompact.org\/es\/wp-json\/wp\/v2\/types\/key_resources"}],"author":[{"embeddable":true,"href":"https:\/\/bhr-navigator.unglobalcompact.org\/es\/wp-json\/wp\/v2\/users\/1"}],"version-history":[{"count":0,"href":"https:\/\/bhr-navigator.unglobalcompact.org\/es\/wp-json\/wp\/v2\/key_resources\/19595\/revisions"}],"wp:attachment":[{"href":"https:\/\/bhr-navigator.unglobalcompact.org\/es\/wp-json\/wp\/v2\/media?parent=19595"}],"wp:term":[{"taxonomy":"regions","embeddable":true,"href":"https:\/\/bhr-navigator.unglobalcompact.org\/es\/wp-json\/wp\/v2\/regions?post=19595"},{"taxonomy":"due_diligence_stages","embeddable":true,"href":"https:\/\/bhr-navigator.unglobalcompact.org\/es\/wp-json\/wp\/v2\/due_diligence_stages?post=19595"},{"taxonomy":"business_sectors","embeddable":true,"href":"https:\/\/bhr-navigator.unglobalcompact.org\/es\/wp-json\/wp\/v2\/business_sectors?post=19595"},{"taxonomy":"related_issues","embeddable":true,"href":"https:\/\/bhr-navigator.unglobalcompact.org\/es\/wp-json\/wp\/v2\/related_issues?post=19595"},{"taxonomy":"resource_types","embeddable":true,"href":"https:\/\/bhr-navigator.unglobalcompact.org\/es\/wp-json\/wp\/v2\/resource_types?post=19595"}],"curies":[{"name":"wp","href":"https:\/\/api.w.org\/{rel}","templated":true}]}}